    {"id":1085,"date":"2026-02-13T12:18:09","date_gmt":"2026-02-13T11:18:09","guid":{"rendered":"https:\/\/maqueta.film\/work\/no-als-poalets"},"modified":"2026-02-26T18:57:05","modified_gmt":"2026-02-26T17:57:05","slug":"no-als-poalets","status":"publish","type":"work","link":"https:\/\/maqueta.film\/es\/work\/no-als-poalets","title":{"rendered":"No als poalets"},"content":{"rendered":"\n<p class=\"wp-block-paragraph\">Los poalets, unos \u00abinofensivos\u00bb cubos para reciclar, han dividido al pueblo. Multitud de pancartas y pintadas de \u00abNo als poalets\u00bb inundan balcones y calles. Comienza la cuenta atr\u00e1s para las elecciones.&nbsp;Las urnas dir\u00e1n si esta delirante polarizaci\u00f3n triunfa y logra voltear el destino del pueblo.<\/p>\n\n\n\r\n\r\n \r\n\r\n      <div class=\"galeria-fancybox d-flex flex-wrap galeria-fancy w-100\" style=\" ;\">\r\n          <a href=\"https:\/\/maqueta.film\/wp-content\/uploads\/2026\/02\/2.Still_Cartes.jpg\" data-fancybox data-caption=\"\">\r\n        <img decoding=\"async\" src=\"https:\/\/maqueta.film\/wp-content\/uploads\/2026\/02\/2.Still_Cartes-600x338.jpg\" alt=\"\" \/>\r\n      <\/a>\r\n          <a href=\"https:\/\/maqueta.film\/wp-content\/uploads\/2026\/02\/4.Still_Comando_Camera_Casa.jpg\" data-fancybox data-caption=\"\">\r\n        <img decoding=\"async\" src=\"https:\/\/maqueta.film\/wp-content\/uploads\/2026\/02\/4.Still_Comando_Camera_Casa-600x338.jpg\" alt=\"\" \/>\r\n      <\/a>\r\n          <a href=\"https:\/\/maqueta.film\/wp-content\/uploads\/2026\/02\/3.Still_Poalet_Presentacio.jpg\" data-fancybox data-caption=\"\">\r\n        <img decoding=\"async\" src=\"https:\/\/maqueta.film\/wp-content\/uploads\/2026\/02\/3.Still_Poalet_Presentacio-600x338.jpg\" alt=\"\" \/>\r\n      <\/a>\r\n      <\/div>\r\n\r\n\r\n \r\n  ","protected":false},"author":2,"featured_media":1087,"template":"","class_list":["post-1085","work","type-work","status-publish","has-post-thumbnail","hentry"],"acf":{"genero":"Documental, comedia","ano":"","director":"Laura Garc\u00eda Andreu","nacionalidad":"","duracion":"20 min","idioma":"","produccion":"","estado":"","mostrar_ficha_al_final":true,"ficha_artistica":"<p data-start=\"135\" data-end=\"194\"><strong data-start=\"135\" data-end=\"161\">CON LA FINANCIACI\u00d3N DE<\/strong><br data-start=\"161\" data-end=\"164\" \/>Institut Valenci\u00e0 de Cultura (40.000\u20ac)<\/p>\r\n<p data-start=\"196\" data-end=\"245\"><strong data-start=\"196\" data-end=\"223\">CON LA AYUDA DE<br data-start=\"223\" data-end=\"226\" \/><\/strong>Docs Valencia<\/p>\r\nCON LA PARTICIPACI\u00d3N DE<br data-start=\"223\" data-end=\"226\" \/>\u00c0 Punt<br data-start=\"232\" data-end=\"235\" \/>CREA SGR\r\n<p data-start=\"247\" data-end=\"369\"><strong data-start=\"247\" data-end=\"264\">PRODUCIDO POR<\/strong><br data-start=\"264\" data-end=\"267\" \/>\u00d3scar Bern\u00e0cer<br data-start=\"281\" data-end=\"284\" \/>Joana M. Ortueta<br data-start=\"300\" data-end=\"303\" \/>Iv\u00e1n Mart\u00ednez-Rufat<br data-start=\"322\" data-end=\"325\" \/>Jordi Llorca Llinares<br data-start=\"346\" data-end=\"349\" \/>Pilar Llorca Rubio<\/p>\r\n<p data-start=\"371\" data-end=\"419\"><strong data-start=\"371\" data-end=\"395\">PRODUCCI\u00d3N EJECUTIVA<\/strong><br data-start=\"395\" data-end=\"398\" \/>Araceli Isaac Delso<\/p>\r\n<p data-start=\"421\" data-end=\"471\"><strong data-start=\"421\" data-end=\"448\">DIRECCI\u00d3N DE FOTOGRAF\u00cdA<\/strong><br data-start=\"448\" data-end=\"451\" \/>Jose Luis Gonz\u00e1lez<\/p>\r\n<p data-start=\"473\" data-end=\"502\"><strong data-start=\"473\" data-end=\"484\">MONTAJE<\/strong><br data-start=\"484\" data-end=\"487\" \/>Flor Aliberti<\/p>\r\n<p data-start=\"504\" data-end=\"559\"><strong data-start=\"504\" data-end=\"540\">COMPOSICI\u00d3N Y PRODUCCI\u00d3N MUSICAL<\/strong><br data-start=\"540\" data-end=\"543\" \/>Raquel S\u00e1nchez<\/p>\r\n<p data-start=\"561\" data-end=\"615\"><strong data-start=\"561\" data-end=\"591\">DISE\u00d1O DE SONIDO Y MEZCLAS<\/strong><br data-start=\"591\" data-end=\"594\" \/>Iv\u00e1n Mart\u00ednez-Rufat<\/p>\r\n<p data-start=\"617\" data-end=\"670\"><strong data-start=\"617\" data-end=\"637\">CANCI\u00d3N ORIGINAL<\/strong><br data-start=\"637\" data-end=\"640\" \/>\u201cPoalets\u201d \u2013 PALMER ft. BIANO<\/p>\r\n<p data-start=\"672\" data-end=\"737\"><strong data-start=\"672\" data-end=\"687\">CANCI\u00d3N ESCRITA POR<\/strong><br data-start=\"687\" data-end=\"690\" \/>Jordi Palau Ballester<br data-start=\"711\" data-end=\"714\" \/>Aina Monferrer Palmer<\/p>\r\n<p data-start=\"739\" data-end=\"782\"><strong data-start=\"739\" data-end=\"756\">CANCI\u00d3N PRODUCIDA POR<\/strong><br data-start=\"756\" data-end=\"759\" \/>Carles Soler Salvador<\/p>\r\n<p data-start=\"784\" data-end=\"830\"><strong data-start=\"784\" data-end=\"804\">CANCI\u00d3N INTERPRETADA POR<\/strong><br data-start=\"804\" data-end=\"807\" \/>Aina Monferrer Palmer<\/p>\r\n<p data-start=\"832\" data-end=\"1084\"><strong data-start=\"832\" data-end=\"859\">CON LA PARTICIPACI\u00d3N DE<\/strong><br data-start=\"859\" data-end=\"862\" \/>Anabel de la Cruz<br data-start=\"879\" data-end=\"882\" \/>Maria Puig Flores<br data-start=\"899\" data-end=\"902\" \/>Elena Alejos Lorente<br data-start=\"922\" data-end=\"925\" \/>Alba Santos Cloux<br data-start=\"942\" data-end=\"945\" \/>Sara Such Arias<br data-start=\"960\" data-end=\"963\" \/>Lola Lloren\u00e7 Fuster<br data-start=\"982\" data-end=\"985\" \/>Pilar Vilar Mol\u00e9s<br data-start=\"1002\" data-end=\"1005\" \/>Domingo Domingo Broch<br data-start=\"1026\" data-end=\"1029\" \/>Carmen Ramos Fornas<br data-start=\"1048\" data-end=\"1051\" \/>Lolita Us\u00f3 Vilar<br data-start=\"1067\" data-end=\"1070\" \/>\u00c1ngel Blanco<\/p>","premios":"<strong>Seleccionado en<\/strong>\r\nFipadoc 2026\r\nBig Sky Documentary\u00a0 Film Festival","trailer":{"tipo_de_trailer":"","archivo_mp4":null,"youtube":""},"texto_apoyo":"Gracias al apoyo de","imagen_apoyo":null,"max_width":""},"_links":{"self":[{"href":"https:\/\/maqueta.film\/es\/wp-json\/wp\/v2\/work\/1085","targetHints":{"allow":["GET"]}}],"collection":[{"href":"https:\/\/maqueta.film\/es\/wp-json\/wp\/v2\/work"}],"about":[{"href":"https:\/\/maqueta.film\/es\/wp-json\/wp\/v2\/types\/work"}],"author":[{"embeddable":true,"href":"https:\/\/maqueta.film\/es\/wp-json\/wp\/v2\/users\/2"}],"version-history":[{"count":4,"href":"https:\/\/maqueta.film\/es\/wp-json\/wp\/v2\/work\/1085\/revisions"}],"predecessor-version":[{"id":1227,"href":"https:\/\/maqueta.film\/es\/wp-json\/wp\/v2\/work\/1085\/revisions\/1227"}],"wp:featuredmedia":[{"embeddable":true,"href":"https:\/\/maqueta.film\/es\/wp-json\/wp\/v2\/media\/1087"}],"wp:attachment":[{"href":"https:\/\/maqueta.film\/es\/wp-json\/wp\/v2\/media?parent=1085"}],"curies":[{"name":"wp","href":"https:\/\/api.w.org\/{rel}","templated":true}]}}