    {"id":1157,"date":"2025-07-02T19:55:34","date_gmt":"2025-07-02T17:55:34","guid":{"rendered":"https:\/\/maqueta.film\/work\/eixam"},"modified":"2026-02-26T18:57:12","modified_gmt":"2026-02-26T17:57:12","slug":"eixam","status":"publish","type":"work","link":"https:\/\/maqueta.film\/es\/work\/eixam","title":{"rendered":"En l&#8217;eixam"},"content":{"rendered":"\n<p class=\"wp-block-paragraph\">Lluc lo ha perdido todo cuando llega a Malp\u00e0s, una aldea aislada donde un grupo de desheredados convive en una comunidad ut\u00f3pica. Lluc a\u00fan puede perder m\u00e1s: su libertad.<\/p>\n\n\n\r\n\r\n \r\n\r\n      <div class=\"galeria-fancybox d-flex flex-wrap galeria-fancy w-100\" style=\" ;\">\r\n          <a href=\"https:\/\/maqueta.film\/wp-content\/uploads\/2025\/07\/EN-L_EIXAM_-_EN-EL-ENJAMBRE_-THRILLER-RURAL-DE-OSCAR-BERNACER-4.png\" data-fancybox data-caption=\"\">\r\n        <img decoding=\"async\" src=\"https:\/\/maqueta.film\/wp-content\/uploads\/2025\/07\/EN-L_EIXAM_-_EN-EL-ENJAMBRE_-THRILLER-RURAL-DE-OSCAR-BERNACER-4-600x256.png\" alt=\"\" \/>\r\n      <\/a>\r\n          <a href=\"https:\/\/maqueta.film\/wp-content\/uploads\/2025\/07\/EN-L_EIXAM_-_EN-EL-ENJAMBRE_-THRILLER-RURAL-DE-OSCAR-BERNACER-3-scaled.jpg\" data-fancybox data-caption=\"\">\r\n        <img decoding=\"async\" src=\"https:\/\/maqueta.film\/wp-content\/uploads\/2025\/07\/EN-L_EIXAM_-_EN-EL-ENJAMBRE_-THRILLER-RURAL-DE-OSCAR-BERNACER-3-600x250.jpg\" alt=\"\" \/>\r\n      <\/a>\r\n          <a href=\"https:\/\/maqueta.film\/wp-content\/uploads\/2025\/07\/EN-L_EIXAM_-_EN-EL-ENJAMBRE_-THRILLER-RURAL-DE-OSCAR-BERNACER-2-scaled.jpg\" data-fancybox data-caption=\"\">\r\n        <img decoding=\"async\" src=\"https:\/\/maqueta.film\/wp-content\/uploads\/2025\/07\/EN-L_EIXAM_-_EN-EL-ENJAMBRE_-THRILLER-RURAL-DE-OSCAR-BERNACER-2-600x250.jpg\" alt=\"\" \/>\r\n      <\/a>\r\n          <a href=\"https:\/\/maqueta.film\/wp-content\/uploads\/2025\/07\/EN-L_EIXAM_-_EN-EL-ENJAMBRE_-THRILLER-RURAL-DE-OSCAR-BERNACER-1-scaled.jpg\" data-fancybox data-caption=\"\">\r\n        <img decoding=\"async\" src=\"https:\/\/maqueta.film\/wp-content\/uploads\/2025\/07\/EN-L_EIXAM_-_EN-EL-ENJAMBRE_-THRILLER-RURAL-DE-OSCAR-BERNACER-1-600x250.jpg\" alt=\"\" \/>\r\n      <\/a>\r\n      <\/div>\r\n\r\n\r\n \r\n  ","protected":false},"author":1,"featured_media":1159,"template":"","class_list":["post-1157","work","type-work","status-publish","has-post-thumbnail","hentry"],"acf":{"genero":"Thriller","ano":"","director":"\u00d3scar Bern\u00e0cer","nacionalidad":"Espa\u00f1a","duracion":"90 minutos","idioma":"Catal\u00e1n","produccion":"Nakamura Films, Maqueta Films, Corte y Confecci\u00f3n de Pel\u00edculas","estado":"En postproducci\u00f3n","mostrar_ficha_al_final":true,"ficha_artistica":"<strong>Direcci\u00f3n<\/strong>\u00a0\u00d3scar Bern\u00e0cer\r\n<strong>Guion<\/strong>\u00a0Joana M. Ortueta y Jorge Juan Mart\u00ednez\r\n<strong>Reparto<\/strong>\u00a0Pablo Molinero, Cristina Fern\u00e1ndez Pintado, Pablo Derqui, Mar\u00eda Maroto, Abdelatif Hwidar, El\u00edas Hwidar, \u00c0ngel F\u00edgols, Gloria March, Jordi Aguilar, Marta Belenguer, June Bern\u00e0cer Mart\u00ednez\r\n<strong>Con la colaboraci\u00f3n especial de\u00a0<\/strong>La Maria, Neus Asensi, Sergio Caballero, Nuria Herrero\r\n<strong>Producci\u00f3n<\/strong>\u00a0Jordi Llorca Llinares, Araceli Isaac Delso, \u00d3scar Bern\u00e0cer Mart\u00ednez, Joana M. Ortueta, Iv\u00e1n Mart\u00ednez-Rufat, Pilar Llorca Rubio, Oriol Maym\u00f3\r\n<strong>Producci\u00f3n ejecutiva<\/strong>\u00a0Araceli Isaac Delso y N\u00faria Domenech\r\n<strong>Direcci\u00f3n de fotograf\u00eda<\/strong>\u00a0Victor Entrecanales\r\n<strong>Montaje<\/strong>\u00a0Vicente Navarro A.M.A.E\r\n<strong>Vestuario<\/strong>\u00a0Giovanna Ribes\r\n<strong>M\u00fasica original<\/strong>\u00a0Raquel S\u00e0nchez\r\n<strong>Direcci\u00f3n de arte<\/strong>\u00a0Maje Tarazona\r\n\r\n<strong>Apoyos\u00a0<\/strong>Institut Valenci\u00e0 de Cultura, Instituto de la Cinematograf\u00eda y de las Artes Audiovisuales\r\n<strong>Importe Ayuda producci\u00f3n IVC\u00a0<\/strong>500.000,00 \u20ac\r\n<strong>Importe Ayuda producci\u00f3n ICAA <\/strong>277.099,23 \u20ac\r\n\r\n<strong>Participaci\u00f3n\u00a0<\/strong>Netflix, RTVE, \u00c0 Punt y CREA SGR\r\n<strong>Financiaci\u00f3n\u00a0<\/strong>Instituto de Cr\u00e9dito Oficial.","premios":"","trailer":{"tipo_de_trailer":"","archivo_mp4":null,"youtube":""},"texto_apoyo":"","imagen_apoyo":null,"max_width":""},"_links":{"self":[{"href":"https:\/\/maqueta.film\/es\/wp-json\/wp\/v2\/work\/1157","targetHints":{"allow":["GET"]}}],"collection":[{"href":"https:\/\/maqueta.film\/es\/wp-json\/wp\/v2\/work"}],"about":[{"href":"https:\/\/maqueta.film\/es\/wp-json\/wp\/v2\/types\/work"}],"author":[{"embeddable":true,"href":"https:\/\/maqueta.film\/es\/wp-json\/wp\/v2\/users\/1"}],"version-history":[{"count":4,"href":"https:\/\/maqueta.film\/es\/wp-json\/wp\/v2\/work\/1157\/revisions"}],"predecessor-version":[{"id":1231,"href":"https:\/\/maqueta.film\/es\/wp-json\/wp\/v2\/work\/1157\/revisions\/1231"}],"wp:featuredmedia":[{"embeddable":true,"href":"https:\/\/maqueta.film\/es\/wp-json\/wp\/v2\/media\/1159"}],"wp:attachment":[{"href":"https:\/\/maqueta.film\/es\/wp-json\/wp\/v2\/media?parent=1157"}],"curies":[{"name":"wp","href":"https:\/\/api.w.org\/{rel}","templated":true}]}}